{"id":2058,"date":"2025-07-03T16:43:13","date_gmt":"2025-07-03T19:43:13","guid":{"rendered":"https:\/\/ttt.gm360.com.br\/?page_id=2058"},"modified":"2025-07-03T16:49:35","modified_gmt":"2025-07-03T19:49:35","slug":"ficha-tecnica-taangaa","status":"publish","type":"page","link":"https:\/\/ttt.gm360.com.br\/index.php\/ficha-tecnica-taangaa\/","title":{"rendered":"ficha t\u00e9cnica taangaa"},"content":{"rendered":"\t\t<div data-elementor-type=\"wp-page\" data-elementor-id=\"2058\" class=\"elementor elementor-2058\">\n\t\t\t\t\t\t\t<div class=\"elementor-element elementor-element-741e7b89 e-flex e-con-boxed e-con\" data-id=\"741e7b89\" data-element_type=\"container\" data-settings=\"{&quot;content_width&quot;:&quot;boxed&quot;}\">\n\t\t\t\t\t<div class=\"e-con-inner\">\n\t\t\t\t<div class=\"elementor-element elementor-element-4c752c6e elementor-widget elementor-widget-heading\" data-id=\"4c752c6e\" data-element_type=\"widget\" data-widget_type=\"heading.default\">\n\t\t\t\t<div class=\"elementor-widget-container\">\n\t\t\t<style>\/*! elementor - v3.14.0 - 18-06-2023 *\/\n.elementor-heading-title{padding:0;margin:0;line-height:1}.elementor-widget-heading .elementor-heading-title[class*=elementor-size-]>a{color:inherit;font-size:inherit;line-height:inherit}.elementor-widget-heading .elementor-heading-title.elementor-size-small{font-size:15px}.elementor-widget-heading .elementor-heading-title.elementor-size-medium{font-size:19px}.elementor-widget-heading .elementor-heading-title.elementor-size-large{font-size:29px}.elementor-widget-heading .elementor-heading-title.elementor-size-xl{font-size:39px}.elementor-widget-heading .elementor-heading-title.elementor-size-xxl{font-size:59px}<\/style><h2 class=\"elementor-heading-title elementor-size-default\">SESI \u2013 SERVI\u00c7O SOCIAL DA IND\u00daSTRIA<\/h2>\t\t<\/div>\n\t\t\t\t<\/div>\n\t\t\t\t<div class=\"elementor-element elementor-element-69ae3c1e elementor-widget elementor-widget-text-editor\" data-id=\"69ae3c1e\" data-element_type=\"widget\" data-widget_type=\"text-editor.default\">\n\t\t\t\t<div class=\"elementor-widget-container\">\n\t\t\t<style>\/*! elementor - v3.14.0 - 18-06-2023 *\/\n.elementor-widget-text-editor.elementor-drop-cap-view-stacked .elementor-drop-cap{background-color:#69727d;color:#fff}.elementor-widget-text-editor.elementor-drop-cap-view-framed .elementor-drop-cap{color:#69727d;border:3px solid;background-color:transparent}.elementor-widget-text-editor:not(.elementor-drop-cap-view-default) .elementor-drop-cap{margin-top:8px}.elementor-widget-text-editor:not(.elementor-drop-cap-view-default) .elementor-drop-cap-letter{width:1em;height:1em}.elementor-widget-text-editor .elementor-drop-cap{float:left;text-align:center;line-height:1;font-size:50px}.elementor-widget-text-editor .elementor-drop-cap-letter{display:inline-block}<\/style>\t\t\t\t<p data-start=\"137\" data-end=\"175\"><strong data-start=\"137\" data-end=\"175\">DEPARTAMENTO REGIONAL DE S\u00c3O PAULO<\/strong><\/p><h4 data-start=\"177\" data-end=\"192\">PRESIDENTE<\/h4><ul><li>Josu\u00e9 Christiano Gomes da Silva<\/li><\/ul><h4 data-start=\"228\" data-end=\"245\">CONSELHEIROS<\/h4><ul><li data-start=\"248\" data-end=\"274\">Andr\u00e9 Luiz Pomp\u00e9ia Sturm<\/li><li data-start=\"277\" data-end=\"290\">Dan Ioschpe<\/li><li data-start=\"293\" data-end=\"314\">Elias Miguel Haddad<\/li><li data-start=\"317\" data-end=\"346\">Luiz Carlos Gomes de Moraes<\/li><li data-start=\"349\" data-end=\"370\">Antero Jos\u00e9 Pereira<\/li><li data-start=\"373\" data-end=\"396\">Narciso Moreira Preto<\/li><li data-start=\"399\" data-end=\"429\">Sylvio Alves de Barros Filho<\/li><li data-start=\"432\" data-end=\"462\">Vandermir Francesconi J\u00fanior<\/li><li data-start=\"465\" data-end=\"497\">Massimo Andrea Giavina-Bianchi<\/li><li data-start=\"500\" data-end=\"514\">Irineu Gov\u00eaa<\/li><li data-start=\"517\" data-end=\"541\">Marco Antonio Melchior<\/li><li data-start=\"544\" data-end=\"565\">Alice Grant Marzano<\/li><li data-start=\"568\" data-end=\"601\">Marco Antonio Scarasati Vinholi<\/li><li data-start=\"604\" data-end=\"631\">S\u00e9rgio Gusm\u00e3o Suchodolski<\/li><li data-start=\"634\" data-end=\"655\">Daniel Bispo Calazans<\/li><\/ul><h4 data-start=\"657\" data-end=\"688\">SUPERINTENDENTE DO SESI-SP<\/h4><ul data-start=\"689\" data-end=\"720\"><li data-start=\"689\" data-end=\"720\"><p data-start=\"691\" data-end=\"720\">Alexandre Ribeiro Meyer Pflug<\/p><\/li><\/ul><h4 data-start=\"722\" data-end=\"755\">GERENTE EXECUTIVA DE CULTURA<\/h4><ul data-start=\"756\" data-end=\"770\"><li data-start=\"756\" data-end=\"770\"><p data-start=\"758\" data-end=\"770\">D\u00e9bora Viana<\/p><\/li><\/ul><h4 data-start=\"772\" data-end=\"803\">GERENTE T\u00c9CNICO DE CULTURA<\/h4><ul data-start=\"804\" data-end=\"824\"><li data-start=\"804\" data-end=\"824\"><p data-start=\"806\" data-end=\"824\">Alvaro Alves Filho<\/p><\/li><\/ul><hr data-start=\"826\" data-end=\"829\" \/><h3 data-start=\"831\" data-end=\"874\">EQUIPE DE ARTES VISUAIS E AUDIOVISUAL<\/h3><p data-start=\"875\" data-end=\"912\"><strong data-start=\"875\" data-end=\"912\">ANALISTAS DE ATIVIDADES CULTURAIS<\/strong><\/p><ul><li data-start=\"915\" data-end=\"934\">Elder Baungartner<\/li><li data-start=\"937\" data-end=\"952\">Eliana Garcia<\/li><li data-start=\"955\" data-end=\"970\">Larissa Lanza<\/li><\/ul><p data-start=\"972\" data-end=\"988\"><strong data-start=\"972\" data-end=\"986\">ESTAGI\u00c1RIA<\/strong><\/p><ul data-start=\"989\" data-end=\"1022\"><li data-start=\"989\" data-end=\"1022\"><p data-start=\"991\" data-end=\"1022\">Rayssa Rafaela de Lima Sobrinho<\/p><\/li><\/ul><hr data-start=\"1024\" data-end=\"1027\" \/><h3 data-start=\"1029\" data-end=\"1067\">N\u00daCLEO DE CONTRATA\u00c7\u00d5ES CULTURAIS<\/h3><p data-start=\"1068\" data-end=\"1114\"><strong data-start=\"1068\" data-end=\"1114\">SUPERVISOR DE GEST\u00c3O DE PROJETOS CULTURAIS<\/strong><\/p><ul data-start=\"1115\" data-end=\"1150\"><li data-start=\"1115\" data-end=\"1150\"><p data-start=\"1117\" data-end=\"1150\">Jonatas Willian de Oliveira Sousa<\/p><\/li><\/ul><p data-start=\"1152\" data-end=\"1193\"><strong data-start=\"1152\" data-end=\"1193\">ANALISTAS DE SERVI\u00c7OS ADMINISTRATIVOS<\/strong><\/p><ul><li data-start=\"1196\" data-end=\"1218\">Aina Margot da Silva<\/li><li data-start=\"1221\" data-end=\"1247\">Douglas Miranda Ferreira<\/li><li data-start=\"1250\" data-end=\"1276\">Eduardo Viegas Cerigatto<\/li><li data-start=\"1279\" data-end=\"1306\">Ione Augusta Barros Gomes<\/li><li data-start=\"1309\" data-end=\"1338\">Isabela Martos Paes Capatti<\/li><li data-start=\"1341\" data-end=\"1378\">Jonat\u00e3 Ezequiel de Menezes da Silva<\/li><li data-start=\"1381\" data-end=\"1404\">J\u00falio C\u00e9sar de Ara\u00fajo<\/li><li data-start=\"1407\" data-end=\"1441\">Kielcimara de Almeida Nascimento<\/li><li data-start=\"1444\" data-end=\"1472\">Michele Ara\u00fajo da Silveira<\/li><li data-start=\"1475\" data-end=\"1501\">Solange Silva Santos Primo<\/li><\/ul><p><strong data-start=\"1503\" data-end=\"1541\">ASSISTENTE DE APOIO ADMINISTRATIVO<\/strong><\/p><ul><li data-start=\"1544\" data-end=\"1561\"><p data-start=\"1546\" data-end=\"1561\">Gabriel Vicente<\/p><\/li><\/ul><hr data-start=\"1563\" data-end=\"1566\" \/><h3 data-start=\"1568\" data-end=\"1595\">CENTRO CULTURAL FIESP<\/h3><p data-start=\"1596\" data-end=\"1620\"><strong data-start=\"1596\" data-end=\"1618\">SUPERVISOR T\u00c9CNICO<\/strong><\/p><ul data-start=\"1621\" data-end=\"1634\"><li data-start=\"1621\" data-end=\"1634\"><p data-start=\"1623\" data-end=\"1634\">Marcio Madi<\/p><\/li><\/ul><p data-start=\"1636\" data-end=\"1673\"><strong data-start=\"1636\" data-end=\"1673\">ANALISTAS DE ATIVIDADES CULTURAIS<\/strong><\/p><ul><li data-start=\"1676\" data-end=\"1703\">Andr\u00e9 Luiz Porto Salvador<\/li><li data-start=\"1706\" data-end=\"1724\">Jo\u00e3o Edson Martins<\/li><\/ul><h3 data-start=\"2305\" data-end=\"2329\">MEDIADORES CULTURAIS<\/h3><ul><li data-start=\"2332\" data-end=\"2350\">Alessandra Rossi<\/li><li data-start=\"2353\" data-end=\"2374\">Maria Fernanda Guerra<\/li><\/ul><h3 data-start=\"2376\" data-end=\"2403\">ORIENTADORES DE P\u00daBLICO<\/h3><ul><li data-start=\"2406\" data-end=\"2442\">Aline Gon\u00e7alves de Barros Meireles<\/li><li data-start=\"2445\" data-end=\"2466\">Bianca Santos Silva<\/li><li data-start=\"2469\" data-end=\"2501\">\u00c9derly C\u00e1rmen C. Ribeiro Rocha<\/li><li data-start=\"2504\" data-end=\"2552\">Henrique Blankenburg Cipriano Martins da Silva<\/li><li data-start=\"2555\" data-end=\"2582\">Herbert de Souza Laurentino<\/li><\/ul><h3 data-start=\"2584\" data-end=\"2614\">MONITORES DE ARTE EDUCA\u00c7\u00c3O<\/h3><ul><li data-start=\"2617\" data-end=\"2638\">Brigite Ery Shiroma<\/li><li data-start=\"2641\" data-end=\"2675\">Bruno Vital Alcantara dos Santos<\/li><li data-start=\"2678\" data-end=\"2701\">Catarina Aretha Abreu<\/li><li data-start=\"2704\" data-end=\"2722\">Elis Ramos Genro<\/li><li data-start=\"2725\" data-end=\"2752\">Leo do Nascimento Rezende<\/li><li data-start=\"2755\" data-end=\"2787\">Maria J\u00falia Fonseca Nascimento<\/li><li data-start=\"2790\" data-end=\"2818\">Pamela da Silva Nascimento<\/li><li data-start=\"2821\" data-end=\"2842\">Vinicius Araujo Buava<\/li><\/ul><hr data-start=\"2844\" data-end=\"2847\" \/><h3 data-start=\"2849\" data-end=\"2877\">ENCARREGADO MAQUINISTA<\/h3><ul data-start=\"2878\" data-end=\"2897\"><li data-start=\"2878\" data-end=\"2897\"><p data-start=\"2880\" data-end=\"2897\">Nilson dos Santos<\/p><\/li><\/ul><h3 data-start=\"2899\" data-end=\"2916\">MAQUINISTAS<\/h3><ul><li data-start=\"2919\" data-end=\"2950\">Alessandro dos Santos Peixoto<\/li><li data-start=\"2953\" data-end=\"2973\">Menes Santos Machado<\/li><\/ul><h3 data-start=\"2975\" data-end=\"2993\">ILUMINADORES<\/h3><ul><li data-start=\"2996\" data-end=\"3022\">Rom\u00e1rio Muniz dos Santos<\/li><li data-start=\"3025\" data-end=\"3051\">Ronie de Ara\u00fajo Ferreira<\/li><li data-start=\"3054\" data-end=\"3084\">Rubens Marcel G. Torres Masson<\/li><\/ul><h3 data-start=\"3086\" data-end=\"3103\">SONOPLASTAS<\/h3><ul><li data-start=\"3106\" data-end=\"3132\">Charles Alves dos Santos<\/li><li data-start=\"3135\" data-end=\"3161\">Roberto Aparecido Coelho<\/li><li data-start=\"3164\" data-end=\"3187\">Roselino Henrique Silva<\/li><\/ul><h3 data-start=\"3189\" data-end=\"3208\">CONTRARREGRAS<\/h3><ul><li data-start=\"3211\" data-end=\"3245\">Carlos Leandro de Carvalho Braga<\/li><li data-start=\"3248\" data-end=\"3272\">Evandro Pedro da Silva<\/li><li data-start=\"3275\" data-end=\"3291\">J\u00falio Silva Neto<\/li><\/ul><h3 data-start=\"3293\" data-end=\"3310\">ESTAGI\u00c1RIOS<\/h3><ul><li data-start=\"3313\" data-end=\"3331\">Luna Cunha Roque<\/li><li data-start=\"3334\" data-end=\"3356\">Ulysses Gomes da Silva<\/li><\/ul><hr data-start=\"3358\" data-end=\"3361\" \/><h3 data-start=\"3363\" data-end=\"3393\">MEM\u00d3RIA CULTURAL SESI-SP<\/h3><p data-start=\"3394\" data-end=\"3431\"><strong data-start=\"3394\" data-end=\"3431\">ANALISTAS DE ATIVIDADES CULTURAIS<\/strong><\/p><ul><li data-start=\"3434\" data-end=\"3459\">Josilma Gon\u00e7alves Amato<\/li><li data-start=\"3462\" data-end=\"3486\">Thais dos Anjos Bernardo<\/li><\/ul><p data-start=\"3488\" data-end=\"3503\"><strong data-start=\"3488\" data-end=\"3503\">ESTAGI\u00c1RIOS<\/strong><\/p><ul><li data-start=\"3506\" data-end=\"3530\">Felipe Alencar Machado<\/li><li data-start=\"3533\" data-end=\"3559\">Giovanna Brito de Oliveira<\/li><\/ul><hr data-start=\"3561\" data-end=\"3564\" \/><h3 data-start=\"3566\" data-end=\"3593\">EQUIPE DE COMUNICA\u00c7\u00c3O<\/h3><p data-start=\"3595\" data-end=\"3658\"><strong data-start=\"3595\" data-end=\"3656\">DIRETORA EXECUTIVA DE MARKETING E COMUNICA\u00c7\u00c3O CORPORATIVA<\/strong><\/p><ul data-start=\"3659\" data-end=\"3687\"><li data-start=\"3659\" data-end=\"3687\"><p data-start=\"3661\" data-end=\"3687\">Ana Claudia Fonseca Baruch<\/p><\/li><\/ul><p data-start=\"3689\" data-end=\"3741\"><strong data-start=\"3689\" data-end=\"3739\">GERENTE DE MARKETING E COMUNICA\u00c7\u00c3O CORPORATIVA<\/strong><\/p><ul data-start=\"3742\" data-end=\"3767\"><li data-start=\"3742\" data-end=\"3767\"><p data-start=\"3744\" data-end=\"3767\">Leticia Martins Acquati<\/p><\/li><\/ul><p data-start=\"3769\" data-end=\"3806\"><strong data-start=\"3769\" data-end=\"3804\">GERENTE DE PLANEJAMENTO DIGITAL<\/strong><\/p><ul data-start=\"3807\" data-end=\"3823\"><li data-start=\"3807\" data-end=\"3823\"><p data-start=\"3809\" data-end=\"3823\">Rafael Queir\u00f3s<\/p><\/li><\/ul><p data-start=\"3825\" data-end=\"3850\"><strong data-start=\"3825\" data-end=\"3848\">GERENTE DE IMPRENSA<\/strong><\/p><ul data-start=\"3851\" data-end=\"3864\"><li data-start=\"3851\" data-end=\"3864\"><p data-start=\"3853\" data-end=\"3864\">Rose Matuck<\/p><\/li><\/ul><p data-start=\"3866\" data-end=\"3911\"><strong data-start=\"3866\" data-end=\"3909\">COORDENADORA DE COMUNICA\u00c7\u00c3O E MARKETING<\/strong><\/p><ul data-start=\"3912\" data-end=\"3928\"><li data-start=\"3912\" data-end=\"3928\"><p data-start=\"3914\" data-end=\"3928\">Mariana Soares<\/p><\/li><\/ul><p data-start=\"3930\" data-end=\"3943\"><strong data-start=\"3930\" data-end=\"3943\">ANALISTAS<\/strong><\/p><ul><li data-start=\"3946\" data-end=\"3963\">Alexandre Muner<\/li><li data-start=\"3966\" data-end=\"3981\">Cleiton Prado<\/li><li data-start=\"3984\" data-end=\"4001\">Juliana Cezario<\/li><li data-start=\"4004\" data-end=\"4018\">Karina Costa<\/li><li data-start=\"4021\" data-end=\"4050\">Larissa Oliveira dos Santos<\/li><li data-start=\"4053\" data-end=\"4069\">Matheus Ara\u00fajo<\/li><li data-start=\"4072\" data-end=\"4086\">Vin\u00edcius Fr\u00f3es<\/li><\/ul><p data-start=\"4088\" data-end=\"4115\"><strong data-start=\"4088\" data-end=\"4113\">REDATORA PUBLICIT\u00c1RIA<\/strong><\/p><ul data-start=\"4116\" data-end=\"4132\"><li data-start=\"4116\" data-end=\"4132\"><p data-start=\"4118\" data-end=\"4132\">Mirella Luiggi<\/p><\/li><\/ul><p data-start=\"4134\" data-end=\"4147\"><strong data-start=\"4134\" data-end=\"4145\">REVISOR<\/strong><\/p><ul data-start=\"4148\" data-end=\"4173\"><li data-start=\"4148\" data-end=\"4173\"><p data-start=\"4150\" data-end=\"4173\">Felipe Ferreira De Melo<\/p><\/li><\/ul><p data-start=\"4175\" data-end=\"4196\"><strong data-start=\"4175\" data-end=\"4194\">EDITOR DE V\u00cdDEO<\/strong><\/p><ul data-start=\"4197\" data-end=\"4223\"><li data-start=\"4197\" data-end=\"4223\"><p data-start=\"4199\" data-end=\"4223\">Rodolfo Pereira Da Silva<\/p><\/li><\/ul><p data-start=\"4225\" data-end=\"4242\"><strong data-start=\"4225\" data-end=\"4240\">ESTAGI\u00c1RIOS<\/strong><\/p><ul><li data-start=\"4245\" data-end=\"4270\">Giovanna J\u00falia Oliveira<\/li><li data-start=\"4273\" data-end=\"4291\">Klelvien Arcenio<\/li><li data-start=\"4294\" data-end=\"4307\">Laura Maluf<\/li><li data-start=\"4310\" data-end=\"4326\">Melissa Castro<\/li><li data-start=\"4329\" data-end=\"4346\">Milena Mucheironi<\/li><\/ul><h3 data-start=\"1731\" data-end=\"1746\">EXPOSI\u00c7\u00c3O<\/h3><p data-start=\"1747\" data-end=\"1762\"><strong data-start=\"1747\" data-end=\"1760\">Curadoria<\/strong><\/p><ul data-start=\"1763\" data-end=\"1798\"><li data-start=\"1763\" data-end=\"1798\"><p data-start=\"1765\" data-end=\"1798\">Richard Vera Mirim e Jo\u00e3o Kulcs\u00e1r<\/p><\/li><\/ul><p data-start=\"1800\" data-end=\"1824\"><strong data-start=\"1800\" data-end=\"1822\">Produ\u00e7\u00e3o executiva<\/strong><\/p><ul data-start=\"1825\" data-end=\"1847\"><li data-start=\"1825\" data-end=\"1847\"><p data-start=\"1827\" data-end=\"1847\">Alfabetiza\u00e7\u00e3o visual<\/p><\/li><\/ul><p data-start=\"1849\" data-end=\"1877\"><strong data-start=\"1849\" data-end=\"1875\">Assistente de Produ\u00e7\u00e3o<\/strong><\/p><ul data-start=\"1878\" data-end=\"1894\"><li data-start=\"1878\" data-end=\"1894\"><p data-start=\"1880\" data-end=\"1894\">Felipe Ferrara<\/p><\/li><\/ul><p data-start=\"1896\" data-end=\"1924\"><strong data-start=\"1896\" data-end=\"1922\">Tradu\u00e7\u00e3o Guarani Mybia<\/strong><\/p><ul data-start=\"1925\" data-end=\"1945\"><li data-start=\"1925\" data-end=\"1945\"><p data-start=\"1927\" data-end=\"1945\">Anthony Karai Poty<\/p><\/li><\/ul><p data-start=\"1947\" data-end=\"1983\"><strong data-start=\"1947\" data-end=\"1981\">Projeto e produ\u00e7\u00e3o expogr\u00e1fica<\/strong><\/p><ul data-start=\"1984\" data-end=\"2004\"><li data-start=\"1984\" data-end=\"2004\"><p data-start=\"1986\" data-end=\"2004\">Arq. Andr\u00e9 Barbato<\/p><\/li><\/ul><p data-start=\"2006\" data-end=\"2030\"><strong data-start=\"2006\" data-end=\"2028\">Comunica\u00e7\u00e3o visual<\/strong><\/p><ul data-start=\"2031\" data-end=\"2048\"><li data-start=\"2031\" data-end=\"2048\"><p data-start=\"2033\" data-end=\"2048\">Zee Comunica\u00e7\u00e3o<\/p><\/li><\/ul><p data-start=\"2050\" data-end=\"2064\"><strong data-start=\"2050\" data-end=\"2062\">Montagem<\/strong><\/p><ul data-start=\"2065\" data-end=\"2089\"><li data-start=\"2065\" data-end=\"2089\"><p data-start=\"2067\" data-end=\"2089\">Diego Marques e equipe<\/p><\/li><\/ul><p data-start=\"2091\" data-end=\"2122\"><strong data-start=\"2091\" data-end=\"2120\">Projeto de acessibilidade<\/strong><\/p><ul><li data-start=\"2125\" data-end=\"2139\">Jo\u00e3o Kulcs\u00e1r<\/li><li data-start=\"2144\" data-end=\"2172\">Assistente: Taiane Ferreiras<\/li><\/ul><p data-start=\"2174\" data-end=\"2202\"><strong data-start=\"2174\" data-end=\"2200\">Assessoria de imprensa<\/strong><\/p><ul data-start=\"2203\" data-end=\"2216\"><li data-start=\"2203\" data-end=\"2216\"><p data-start=\"2205\" data-end=\"2216\">Elaine Leme<\/p><\/li><\/ul><p data-start=\"2218\" data-end=\"2229\"><strong data-start=\"2218\" data-end=\"2227\">V\u00eddeo<\/strong><\/p><ul data-start=\"2230\" data-end=\"2250\"><li data-start=\"2230\" data-end=\"2250\"><p data-start=\"2232\" data-end=\"2250\">Vict\u00f3ria Elizabeth<\/p><\/li><\/ul><p data-start=\"2252\" data-end=\"2275\"><strong data-start=\"2252\" data-end=\"2273\">Projeto Educativo<\/strong><\/p><ul data-start=\"2276\" data-end=\"2298\"><li data-start=\"2276\" data-end=\"2298\"><p data-start=\"2278\" data-end=\"2298\">Alfabetiza\u00e7\u00e3o visual<\/p><\/li><\/ul>\t\t\t\t\t\t<\/div>\n\t\t\t\t<\/div>\n\t\t\t\t\t<\/div>\n\t\t\t\t<\/div>\n\t\t\t\t\t\t\t<\/div>\n\t\t","protected":false},"excerpt":{"rendered":"<p>SESI \u2013 SERVI\u00c7O SOCIAL DA IND\u00daSTRIA DEPARTAMENTO REGIONAL DE S\u00c3O PAULO PRESIDENTE Josu\u00e9 Christiano Gomes da Silva CONSELHEIROS Andr\u00e9 Luiz Pomp\u00e9ia Sturm Dan Ioschpe Elias Miguel Haddad Luiz Carlos Gomes de Moraes Antero Jos\u00e9 Pereira Narciso Moreira Preto Sylvio Alves de Barros Filho Vandermir Francesconi J\u00fanior Massimo Andrea Giavina-Bianchi Irineu Gov\u00eaa Marco Antonio Melchior Alice [&hellip;]<\/p>\n","protected":false},"author":1,"featured_media":0,"parent":0,"menu_order":0,"comment_status":"closed","ping_status":"closed","template":"elementor_canvas","meta":[],"_links":{"self":[{"href":"https:\/\/ttt.gm360.com.br\/index.php\/wp-json\/wp\/v2\/pages\/2058"}],"collection":[{"href":"https:\/\/ttt.gm360.com.br\/index.php\/wp-json\/wp\/v2\/pages"}],"about":[{"href":"https:\/\/ttt.gm360.com.br\/index.php\/wp-json\/wp\/v2\/types\/page"}],"author":[{"embeddable":true,"href":"https:\/\/ttt.gm360.com.br\/index.php\/wp-json\/wp\/v2\/users\/1"}],"replies":[{"embeddable":true,"href":"https:\/\/ttt.gm360.com.br\/index.php\/wp-json\/wp\/v2\/comments?post=2058"}],"version-history":[{"count":10,"href":"https:\/\/ttt.gm360.com.br\/index.php\/wp-json\/wp\/v2\/pages\/2058\/revisions"}],"predecessor-version":[{"id":2072,"href":"https:\/\/ttt.gm360.com.br\/index.php\/wp-json\/wp\/v2\/pages\/2058\/revisions\/2072"}],"wp:attachment":[{"href":"https:\/\/ttt.gm360.com.br\/index.php\/wp-json\/wp\/v2\/media?parent=2058"}],"curies":[{"name":"wp","href":"https:\/\/api.w.org\/{rel}","templated":true}]}}